{"id":181,"date":"2025-01-30T15:26:34","date_gmt":"2025-01-30T14:26:34","guid":{"rendered":"https:\/\/expo-amazonia.com\/?page_id=181"},"modified":"2025-11-13T14:55:49","modified_gmt":"2025-11-13T13:55:49","slug":"exposition-amazonia-le-parcours","status":"publish","type":"page","link":"https:\/\/expo-amazonia.com\/nl\/exposition-amazonia-le-parcours\/","title":{"rendered":"Tentoonstelling"},"content":{"rendered":"<div data-elementor-type=\"wp-page\" data-elementor-id=\"181\" class=\"elementor elementor-181\" data-elementor-post-type=\"page\">\n\t\t\t\t<div class=\"elementor-element elementor-element-c895d16 e-flex e-con-boxed e-con e-parent\" data-id=\"c895d16\" data-element_type=\"container\" data-e-type=\"container\" data-settings=\"{&quot;background_background&quot;:&quot;classic&quot;}\">\n\t\t\t\t\t<div class=\"e-con-inner\">\n\t\t\t\t<div class=\"elementor-element elementor-element-f808aa2 elementor-widget elementor-widget-spacer\" data-id=\"f808aa2\" data-element_type=\"widget\" data-e-type=\"widget\" data-widget_type=\"spacer.default\">\n\t\t\t\t<div class=\"elementor-widget-container\">\n\t\t\t\t\t\t\t<div class=\"elementor-spacer\">\n\t\t\t<div class=\"elementor-spacer-inner\"><\/div>\n\t\t<\/div>\n\t\t\t\t\t\t<\/div>\n\t\t\t\t<\/div>\n\t\t\t\t<div class=\"elementor-element elementor-element-be78ac0 elementor-widget elementor-widget-heading\" data-id=\"be78ac0\" data-element_type=\"widget\" data-e-type=\"widget\" data-widget_type=\"heading.default\">\n\t\t\t\t<div class=\"elementor-widget-container\">\n\t\t\t\t\t<h1 class=\"elementor-heading-title elementor-size-default\">EEN REIS NAAR HET HART VAN HET AMAZONEWOUD<\/h1>\t\t\t\t<\/div>\n\t\t\t\t<\/div>\n\t\t\t\t<div class=\"elementor-element elementor-element-e8969be elementor-widget elementor-widget-heading\" data-id=\"e8969be\" data-element_type=\"widget\" data-e-type=\"widget\" data-widget_type=\"heading.default\">\n\t\t\t\t<div class=\"elementor-widget-container\">\n\t\t\t\t\t<h2 class=\"elementor-heading-title elementor-size-default\">De Amaz\u00f4nia-tentoonstelling bevat 200 foto's die de ongelooflijke rijkdom van het Amazonewoud en de mensen die er wonen laten zien.<\/h2>\t\t\t\t<\/div>\n\t\t\t\t<\/div>\n\t\t\t\t\t<\/div>\n\t\t\t\t<\/div>\n\t\t<div class=\"elementor-element elementor-element-bb9e0e0 e-flex e-con-boxed e-con e-parent\" data-id=\"bb9e0e0\" data-element_type=\"container\" data-e-type=\"container\">\n\t\t\t\t\t<div class=\"e-con-inner\">\n\t\t<div class=\"elementor-element elementor-element-e426e6c e-con-full e-flex e-con e-child\" data-id=\"e426e6c\" data-element_type=\"container\" data-e-type=\"container\">\n\t\t\t\t<div class=\"elementor-element elementor-element-f74e880 elementor-widget elementor-widget-image\" data-id=\"f74e880\" data-element_type=\"widget\" data-e-type=\"widget\" data-widget_type=\"image.default\">\n\t\t\t\t<div class=\"elementor-widget-container\">\n\t\t\t\t\t\t\t\t\t\t\t\t<figure class=\"wp-caption\">\n\t\t\t\t\t\t\t\t\t\t<img fetchpriority=\"high\" decoding=\"async\" width=\"1024\" height=\"749\" src=\"https:\/\/expo-amazonia.com\/wp-content\/uploads\/2024\/12\/Exposition_AMAZONIA_Bruxelles_Sebastiao_Salgado_5-1024x749.jpg\" class=\"attachment-large size-large wp-image-44\" alt=\"Yawanaw\u00e1 Indian. State of Acre, Brazil, 2016. \u00a9 Sebasti\u00e3o Salgado\" srcset=\"https:\/\/expo-amazonia.com\/wp-content\/uploads\/2024\/12\/Exposition_AMAZONIA_Bruxelles_Sebastiao_Salgado_5-1024x749.jpg 1024w, https:\/\/expo-amazonia.com\/wp-content\/uploads\/2024\/12\/Exposition_AMAZONIA_Bruxelles_Sebastiao_Salgado_5-300x219.jpg 300w, https:\/\/expo-amazonia.com\/wp-content\/uploads\/2024\/12\/Exposition_AMAZONIA_Bruxelles_Sebastiao_Salgado_5-768x562.jpg 768w, https:\/\/expo-amazonia.com\/wp-content\/uploads\/2024\/12\/Exposition_AMAZONIA_Bruxelles_Sebastiao_Salgado_5-16x12.jpg 16w, https:\/\/expo-amazonia.com\/wp-content\/uploads\/2024\/12\/Exposition_AMAZONIA_Bruxelles_Sebastiao_Salgado_5.jpg 1500w\" sizes=\"(max-width: 1024px) 100vw, 1024px\" \/>\t\t\t\t\t\t\t\t\t\t\t<figcaption class=\"widget-image-caption wp-caption-text\">Indienne Yawanaw\u00e1. Etat de Acre, Br\u00e9sil, 2016. \u00a9 Sebasti\u00e3o Salgado<\/figcaption>\n\t\t\t\t\t\t\t\t\t\t<\/figure>\n\t\t\t\t\t\t\t\t\t<\/div>\n\t\t\t\t<\/div>\n\t\t\t\t<\/div>\n\t\t<div class=\"elementor-element elementor-element-e9860d6 e-con-full e-flex e-con e-child\" data-id=\"e9860d6\" data-element_type=\"container\" data-e-type=\"container\">\n\t\t\t\t<div class=\"elementor-element elementor-element-206d361 elementor-widget elementor-widget-text-editor\" data-id=\"206d361\" data-element_type=\"widget\" data-e-type=\"widget\" data-widget_type=\"text-editor.default\">\n\t\t\t\t<div class=\"elementor-widget-container\">\n\t\t\t\t\t\t\t\t\t<p>Zeven jaar lang <b>trok Sebasti\u00e3o Salgado door het Braziliaanse Amazonegebied, <\/b>waar hij de bossen, rivieren, bergen en de inheemse gemeenschappen fotografeerde. Dit indrukwekkende universum, waar de enorme kracht van de natuur wordt ervaren zoals op nauwelijks andere plekken op aarde, heeft krachtige beelden gecre\u00eberd die het oog van de fotograaf hebben gevangen.<\/p>\n<p>Tegelijkertijd geeft de tentoonstelling een stem aan de inheemse gemeenschappen die Salgado fotografeerde, zodat hun verhalen en ervaringen deel uitmaken van de ervaring. <span style=\"font-weight: 400;\">Deze meeslepende tentoonstelling biedt niet alleen een visuele reis door de Amazone, maar nodigt je ook uit om na te denken over de toekomst van biodiversiteit en de rol van de mens in het levende ecosysteem.<\/span><\/p>\t\t\t\t\t\t\t\t<\/div>\n\t\t\t\t<\/div>\n\t\t\t\t<\/div>\n\t\t\t\t\t<\/div>\n\t\t\t\t<\/div>\n\t\t<div class=\"elementor-element elementor-element-31a8ab3 e-flex e-con-boxed e-con e-parent\" data-id=\"31a8ab3\" data-element_type=\"container\" data-e-type=\"container\" data-settings=\"{&quot;background_background&quot;:&quot;classic&quot;}\">\n\t\t\t\t\t<div class=\"e-con-inner\">\n\t\t\t\t<div class=\"elementor-element elementor-element-8ea11fa elementor-widget-divider--view-line elementor-widget elementor-widget-divider\" data-id=\"8ea11fa\" data-element_type=\"widget\" data-e-type=\"widget\" data-widget_type=\"divider.default\">\n\t\t\t\t<div class=\"elementor-widget-container\">\n\t\t\t\t\t\t\t<div class=\"elementor-divider\">\n\t\t\t<span class=\"elementor-divider-separator\">\n\t\t\t\t\t\t<\/span>\n\t\t<\/div>\n\t\t\t\t\t\t<\/div>\n\t\t\t\t<\/div>\n\t\t\t\t<div class=\"elementor-element elementor-element-74ef842 elementor-widget elementor-widget-heading\" data-id=\"74ef842\" data-element_type=\"widget\" data-e-type=\"widget\" data-widget_type=\"heading.default\">\n\t\t\t\t<div class=\"elementor-widget-container\">\n\t\t\t\t\t<h3 class=\"elementor-heading-title elementor-size-default\">EEN SYMPHONIE VAN DE NATUUR\n<\/h3>\t\t\t\t<\/div>\n\t\t\t\t<\/div>\n\t\t\t\t<div class=\"elementor-element elementor-element-a5d2eeb elementor-widget elementor-widget-text-editor\" data-id=\"a5d2eeb\" data-element_type=\"widget\" data-e-type=\"widget\" data-widget_type=\"text-editor.default\">\n\t\t\t\t<div class=\"elementor-widget-container\">\n\t\t\t\t\t\t\t\t\t<p><span style=\"font-weight: 400;\">Naast de kwetsbaarheid van dit ecosysteem, benadrukt de tentoonstelling de rijkdom van het Amazonen-geluiduniversum door de indrukwekkende beelden van Salgado te combineren met <\/span><b>een unieke geluidscreatie van Jean-Michel Jarre,<\/b><span style=\"font-weight: 400;\">gebaseerd\u00a0<\/span><b>op concrete geluiden uit het woud<\/b><span style=\"font-weight: 400;\">. <\/span><span style=\"font-weight: 400;\">Het ritselen van de bomen, het geroep van dieren, het gezang van vogels en het donderende geluid van het water dat van de bergen stort, verzameld in het hart van het Amazonewoud, vormen een geluidslandschap dat past bij het parcours.\u00a0<\/span><\/p>\t\t\t\t\t\t\t\t<\/div>\n\t\t\t\t<\/div>\n\t\t\t\t<div class=\"elementor-element elementor-element-b616d5a elementor-widget elementor-widget-image\" data-id=\"b616d5a\" data-element_type=\"widget\" data-e-type=\"widget\" data-widget_type=\"image.default\">\n\t\t\t\t<div class=\"elementor-widget-container\">\n\t\t\t\t\t\t\t\t\t\t\t\t<figure class=\"wp-caption\">\n\t\t\t\t\t\t\t\t\t\t<img decoding=\"async\" width=\"768\" height=\"562\" src=\"https:\/\/expo-amazonia.com\/wp-content\/uploads\/2024\/12\/Exposition_AMAZONIA_Bruxelles_Sebastiao_Salgado_12-768x562.jpg\" class=\"attachment-medium_large size-medium_large wp-image-51\" alt=\"Marubo indigenous people. State of Amazonas, Brazil, 1998. \u00a9 Sebasti\u00e3o Salgado - Amaz\u00f4nia Bruxelles\" srcset=\"https:\/\/expo-amazonia.com\/wp-content\/uploads\/2024\/12\/Exposition_AMAZONIA_Bruxelles_Sebastiao_Salgado_12-768x562.jpg 768w, https:\/\/expo-amazonia.com\/wp-content\/uploads\/2024\/12\/Exposition_AMAZONIA_Bruxelles_Sebastiao_Salgado_12-300x219.jpg 300w, https:\/\/expo-amazonia.com\/wp-content\/uploads\/2024\/12\/Exposition_AMAZONIA_Bruxelles_Sebastiao_Salgado_12-1024x749.jpg 1024w, https:\/\/expo-amazonia.com\/wp-content\/uploads\/2024\/12\/Exposition_AMAZONIA_Bruxelles_Sebastiao_Salgado_12-16x12.jpg 16w, https:\/\/expo-amazonia.com\/wp-content\/uploads\/2024\/12\/Exposition_AMAZONIA_Bruxelles_Sebastiao_Salgado_12.jpg 1500w\" sizes=\"(max-width: 768px) 100vw, 768px\" \/>\t\t\t\t\t\t\t\t\t\t\t<figcaption class=\"widget-image-caption wp-caption-text\">Indiens Marubo, Vall\u00e9e de Javari. Etat de Amazonas, Br\u00e9sil, 1998. \u00a9 Sebasti\u00e3o Salgado<\/figcaption>\n\t\t\t\t\t\t\t\t\t\t<\/figure>\n\t\t\t\t\t\t\t\t\t<\/div>\n\t\t\t\t<\/div>\n\t\t\t\t<div class=\"elementor-element elementor-element-49d0a21 elementor-widget elementor-widget-heading\" data-id=\"49d0a21\" data-element_type=\"widget\" data-e-type=\"widget\" data-widget_type=\"heading.default\">\n\t\t\t\t<div class=\"elementor-widget-container\">\n\t\t\t\t\t<h3 class=\"elementor-heading-title elementor-size-default\">EEN ONBESCHRIJFBAAR ERFGOED\n<\/h3>\t\t\t\t<\/div>\n\t\t\t\t<\/div>\n\t\t\t\t<div class=\"elementor-element elementor-element-ef616f6 elementor-widget elementor-widget-text-editor\" data-id=\"ef616f6\" data-element_type=\"widget\" data-e-type=\"widget\" data-widget_type=\"text-editor.default\">\n\t\t\t\t<div class=\"elementor-widget-container\">\n\t\t\t\t\t\t\t\t\t<p>Met\u00a0<strong>meer dan 200 foto's<\/strong>, vergezeld van enorme projecties die de grootsheid van deze uitzonderlijke natuur weerspiegelen, benadrukt de tentoonstelling de kwetsbaarheid van dit ecosysteem.<\/p><p>Ze toont aan dat de beschermde gebieden, waar inheemse gemeenschappen, de oude hoeders van het woud, wonen, vrijwel geen schade hebben ondervonden. Documentairefilms geven de stem aan de bewoners van het woud en laten de rijkdom van hun cultuur zien.<\/p><p>Door de kracht van deze beelden hopen Sebasti\u00e3o en L\u00e9lia Salgado <strong>het bewustzijn en acties voor de bescherming van dit onschatbare erfgoed van de mensheid te bevorderen.<\/strong><\/p>\t\t\t\t\t\t\t\t<\/div>\n\t\t\t\t<\/div>\n\t\t\t\t\t<\/div>\n\t\t\t\t<\/div>\n\t\t<div class=\"elementor-element elementor-element-ca7cb4d e-flex e-con-boxed e-con e-parent\" data-id=\"ca7cb4d\" data-element_type=\"container\" data-e-type=\"container\">\n\t\t\t\t\t<div class=\"e-con-inner\">\n\t\t<div class=\"elementor-element elementor-element-38c16a0 e-con-full e-flex e-con e-child\" data-id=\"38c16a0\" data-element_type=\"container\" data-e-type=\"container\">\n\t\t\t\t<div class=\"elementor-element elementor-element-75229b0 elementor-widget elementor-widget-image\" data-id=\"75229b0\" data-element_type=\"widget\" data-e-type=\"widget\" data-widget_type=\"image.default\">\n\t\t\t\t<div class=\"elementor-widget-container\">\n\t\t\t\t\t\t\t\t\t\t\t\t<figure class=\"wp-caption\">\n\t\t\t\t\t\t\t\t\t\t<img decoding=\"async\" width=\"1024\" height=\"684\" src=\"https:\/\/expo-amazonia.com\/wp-content\/uploads\/2024\/12\/Exposition_AMAZONIA_Bruxelles_Sebastiao_Salgado_11-1024x684.jpg\" class=\"attachment-large size-large wp-image-50\" alt=\"River archipelago of Mariu\u00e1. Rio Negro. State of Amazonas, Brazil, 2019. \u00a9 Sebasti\u00e3o Salgado\" srcset=\"https:\/\/expo-amazonia.com\/wp-content\/uploads\/2024\/12\/Exposition_AMAZONIA_Bruxelles_Sebastiao_Salgado_11-1024x684.jpg 1024w, https:\/\/expo-amazonia.com\/wp-content\/uploads\/2024\/12\/Exposition_AMAZONIA_Bruxelles_Sebastiao_Salgado_11-300x200.jpg 300w, https:\/\/expo-amazonia.com\/wp-content\/uploads\/2024\/12\/Exposition_AMAZONIA_Bruxelles_Sebastiao_Salgado_11-768x513.jpg 768w, https:\/\/expo-amazonia.com\/wp-content\/uploads\/2024\/12\/Exposition_AMAZONIA_Bruxelles_Sebastiao_Salgado_11-18x12.jpg 18w, https:\/\/expo-amazonia.com\/wp-content\/uploads\/2024\/12\/Exposition_AMAZONIA_Bruxelles_Sebastiao_Salgado_11-930x620.jpg 930w, https:\/\/expo-amazonia.com\/wp-content\/uploads\/2024\/12\/Exposition_AMAZONIA_Bruxelles_Sebastiao_Salgado_11.jpg 1500w\" sizes=\"(max-width: 1024px) 100vw, 1024px\" \/>\t\t\t\t\t\t\t\t\t\t\t<figcaption class=\"widget-image-caption wp-caption-text\">Archipel fluvial de Mariu\u00e1,  Rio Negro. Etat de Amazonas, Br\u00e9sil, 2019. \u00a9 Sebasti\u00e3o Salgado<\/figcaption>\n\t\t\t\t\t\t\t\t\t\t<\/figure>\n\t\t\t\t\t\t\t\t\t<\/div>\n\t\t\t\t<\/div>\n\t\t\t\t<\/div>\n\t\t<div class=\"elementor-element elementor-element-8ec2caa e-con-full e-flex e-con e-child\" data-id=\"8ec2caa\" data-element_type=\"container\" data-e-type=\"container\">\n\t\t\t\t<div class=\"elementor-element elementor-element-8b08980 elementor-blockquote--skin-quotation elementor-blockquote--align-right elementor-widget elementor-widget-blockquote\" data-id=\"8b08980\" data-element_type=\"widget\" data-e-type=\"widget\" data-widget_type=\"blockquote.default\">\n\t\t\t\t<div class=\"elementor-widget-container\">\n\t\t\t\t\t\t\t<blockquote class=\"elementor-blockquote\">\n\t\t\t<p class=\"elementor-blockquote__content\">\n\t\t\t\t\"Het doel van deze tentoonstelling is het debat over de toekomst van het Amazonewoud te stimuleren. We moeten dit samen doen, vanuit een internationaal perspectief en met de steun van inheemse organisaties.\u201d\" \t\t\t<\/p>\n\t\t\t\t\t\t\t<div class=\"e-q-footer\">\n\t\t\t\t\t\t\t\t\t\t\t<cite class=\"elementor-blockquote__author\">SEBASTI\u00c3O SALGADO<\/cite>\n\t\t\t\t\t\t\t\t\t\t\t\t\t\t<\/div>\n\t\t\t\t\t<\/blockquote>\n\t\t\t\t\t\t<\/div>\n\t\t\t\t<\/div>\n\t\t\t\t<\/div>\n\t\t\t\t\t<\/div>\n\t\t\t\t<\/div>\n\t\t<div class=\"elementor-element elementor-element-3cec0da e-flex e-con-boxed e-con e-parent\" data-id=\"3cec0da\" data-element_type=\"container\" data-e-type=\"container\" data-settings=\"{&quot;background_background&quot;:&quot;classic&quot;}\">\n\t\t\t\t\t<div class=\"e-con-inner\">\n\t\t\t\t<div class=\"elementor-element elementor-element-f3bd698 elementor-widget-divider--view-line elementor-widget elementor-widget-divider\" data-id=\"f3bd698\" data-element_type=\"widget\" data-e-type=\"widget\" data-widget_type=\"divider.default\">\n\t\t\t\t<div class=\"elementor-widget-container\">\n\t\t\t\t\t\t\t<div class=\"elementor-divider\">\n\t\t\t<span class=\"elementor-divider-separator\">\n\t\t\t\t\t\t<\/span>\n\t\t<\/div>\n\t\t\t\t\t\t<\/div>\n\t\t\t\t<\/div>\n\t\t\t\t<div class=\"elementor-element elementor-element-f8ec7c1 elementor-widget elementor-widget-text-editor\" data-id=\"f8ec7c1\" data-element_type=\"widget\" data-e-type=\"widget\" data-widget_type=\"text-editor.default\">\n\t\t\t\t<div class=\"elementor-widget-container\">\n\t\t\t\t\t\t\t\t\t<p><em>Een tentoonstelling geproduceerd en gepresenteerd door <a href=\"https:\/\/tempora-expo.be\/\"><strong>Tempora<\/strong><\/a>, ontworpen door <strong>L\u00e9lia Wanick Salgado<\/strong> op muziek van <strong>Jean-Michel Jarre<\/strong>.<\/em><\/p>\t\t\t\t\t\t\t\t<\/div>\n\t\t\t\t<\/div>\n\t\t\t\t\t<\/div>\n\t\t\t\t<\/div>\n\t\t\t\t<\/div>","protected":false},"excerpt":{"rendered":"<p>UN VOYAGE AU COEUR DE LA FOR\u00caT AMAZONIENNE L\u2019exposition Amaz\u00f4nia pr\u00e9sente 200 photographies r\u00e9v\u00e9lant l&rsquo;incroyable richesse de la for\u00eat amazonienne et des peuples qui y vivent. Indienne Yawanaw\u00e1. Etat de Acre, Br\u00e9sil, 2016. \u00a9 Sebasti\u00e3o Salgado Pendant sept ans, Sebasti\u00e3o Salgado a sillonn\u00e9 l\u2019Amazonie br\u00e9silienne, dans de petites embarcations ou depuis les airs. Il y&hellip;&nbsp;<a href=\"https:\/\/expo-amazonia.com\/nl\/exposition-amazonia-le-parcours\/\" rel=\"bookmark\">Read More &raquo;<span class=\"screen-reader-text\">Tentoonstelling<\/span><\/a><\/p>","protected":false},"author":3,"featured_media":476,"parent":0,"menu_order":0,"comment_status":"closed","ping_status":"closed","template":"page-templates\/template-pagebuilder-full-width.php","meta":{"neve_meta_sidebar":"","neve_meta_container":"","neve_meta_enable_content_width":"","neve_meta_content_width":0,"neve_meta_title_alignment":"","neve_meta_author_avatar":"","neve_post_elements_order":"","neve_meta_disable_header":"","neve_meta_disable_footer":"","neve_meta_disable_title":"","neve_meta_reading_time":"","footnotes":""},"class_list":["post-181","page","type-page","status-publish","has-post-thumbnail","hentry"],"yoast_head":"<!-- This site is optimized with the Yoast SEO Premium plugin v24.8 (Yoast SEO v25.6) - https:\/\/yoast.com\/wordpress\/plugins\/seo\/ -->\n<title>Exposition Amaz\u00f4nia \u00e0 Bruxelles - Le parcours<\/title>\n<meta name=\"description\" content=\"D\u00e9couvrez le parcours de l&#039;exposition Amaz\u00f4nia \u00e0 Bruxelles, pr\u00e9sentant plus de 200 photos de Sebasti\u00e3o Salgado.\" \/>\n<meta name=\"robots\" content=\"index, follow, max-snippet:-1, max-image-preview:large, max-video-preview:-1\" \/>\n<link rel=\"canonical\" href=\"https:\/\/expo-amazonia.com\/nl\/exposition-amazonia-le-parcours\/\" \/>\n<meta property=\"og:locale\" content=\"nl_BE\" \/>\n<meta property=\"og:type\" content=\"article\" \/>\n<meta property=\"og:title\" content=\"Exposition\" \/>\n<meta property=\"og:description\" content=\"D\u00e9couvrez le parcours de l&#039;exposition Amaz\u00f4nia \u00e0 Bruxelles, pr\u00e9sentant plus de 200 photos de Sebasti\u00e3o Salgado.\" \/>\n<meta property=\"og:url\" content=\"https:\/\/expo-amazonia.com\/nl\/exposition-amazonia-le-parcours\/\" \/>\n<meta property=\"og:site_name\" content=\"Amaz\u00f4nia\" \/>\n<meta property=\"article:modified_time\" content=\"2025-11-13T13:55:49+00:00\" \/>\n<meta property=\"og:image\" content=\"https:\/\/expo-amazonia.com\/wp-content\/uploads\/2025\/02\/AMAZONIA_Instagram_1080x1080px_HD2.jpg\" \/>\n\t<meta property=\"og:image:width\" content=\"1080\" \/>\n\t<meta property=\"og:image:height\" content=\"1080\" \/>\n\t<meta property=\"og:image:type\" content=\"image\/jpeg\" \/>\n<meta name=\"twitter:card\" content=\"summary_large_image\" \/>\n<meta name=\"twitter:label1\" content=\"Geschatte leestijd\" \/>\n\t<meta name=\"twitter:data1\" content=\"3 minuten\" \/>\n<script type=\"application\/ld+json\" class=\"yoast-schema-graph\">{\"@context\":\"https:\/\/schema.org\",\"@graph\":[{\"@type\":\"WebPage\",\"@id\":\"https:\/\/expo-amazonia.com\/exposition-amazonia-le-parcours\/\",\"url\":\"https:\/\/expo-amazonia.com\/exposition-amazonia-le-parcours\/\",\"name\":\"Exposition Amaz\u00f4nia \u00e0 Bruxelles - Le parcours\",\"isPartOf\":{\"@id\":\"https:\/\/expo-amazonia.com\/#website\"},\"primaryImageOfPage\":{\"@id\":\"https:\/\/expo-amazonia.com\/exposition-amazonia-le-parcours\/#primaryimage\"},\"image\":{\"@id\":\"https:\/\/expo-amazonia.com\/exposition-amazonia-le-parcours\/#primaryimage\"},\"thumbnailUrl\":\"https:\/\/expo-amazonia.com\/wp-content\/uploads\/2025\/02\/AMAZONIA_Instagram_1080x1080px_HD2.jpg\",\"datePublished\":\"2025-01-30T14:26:34+00:00\",\"dateModified\":\"2025-11-13T13:55:49+00:00\",\"description\":\"D\u00e9couvrez le parcours de l'exposition Amaz\u00f4nia \u00e0 Bruxelles, pr\u00e9sentant plus de 200 photos de Sebasti\u00e3o Salgado.\",\"breadcrumb\":{\"@id\":\"https:\/\/expo-amazonia.com\/exposition-amazonia-le-parcours\/#breadcrumb\"},\"inLanguage\":\"nl-BE\",\"potentialAction\":[{\"@type\":\"ReadAction\",\"target\":[\"https:\/\/expo-amazonia.com\/exposition-amazonia-le-parcours\/\"]}]},{\"@type\":\"ImageObject\",\"inLanguage\":\"nl-BE\",\"@id\":\"https:\/\/expo-amazonia.com\/exposition-amazonia-le-parcours\/#primaryimage\",\"url\":\"https:\/\/expo-amazonia.com\/wp-content\/uploads\/2025\/02\/AMAZONIA_Instagram_1080x1080px_HD2.jpg\",\"contentUrl\":\"https:\/\/expo-amazonia.com\/wp-content\/uploads\/2025\/02\/AMAZONIA_Instagram_1080x1080px_HD2.jpg\",\"width\":1080,\"height\":1080},{\"@type\":\"BreadcrumbList\",\"@id\":\"https:\/\/expo-amazonia.com\/exposition-amazonia-le-parcours\/#breadcrumb\",\"itemListElement\":[{\"@type\":\"ListItem\",\"position\":1,\"name\":\"Accueil\",\"item\":\"https:\/\/expo-amazonia.com\/\"},{\"@type\":\"ListItem\",\"position\":2,\"name\":\"Exposition\"}]},{\"@type\":\"WebSite\",\"@id\":\"https:\/\/expo-amazonia.com\/#website\",\"url\":\"https:\/\/expo-amazonia.com\/\",\"name\":\"Amaz\u00f4nia\",\"description\":\"\",\"potentialAction\":[{\"@type\":\"SearchAction\",\"target\":{\"@type\":\"EntryPoint\",\"urlTemplate\":\"https:\/\/expo-amazonia.com\/?s={search_term_string}\"},\"query-input\":{\"@type\":\"PropertyValueSpecification\",\"valueRequired\":true,\"valueName\":\"search_term_string\"}}],\"inLanguage\":\"nl-BE\"}]}<\/script>\n<!-- \/ Yoast SEO Premium plugin. -->","yoast_head_json":{"title":"Exposition Amaz\u00f4nia \u00e0 Bruxelles - Le parcours","description":"D\u00e9couvrez le parcours de l'exposition Amaz\u00f4nia \u00e0 Bruxelles, pr\u00e9sentant plus de 200 photos de Sebasti\u00e3o Salgado.","robots":{"index":"index","follow":"follow","max-snippet":"max-snippet:-1","max-image-preview":"max-image-preview:large","max-video-preview":"max-video-preview:-1"},"canonical":"https:\/\/expo-amazonia.com\/nl\/exposition-amazonia-le-parcours\/","og_locale":"nl_BE","og_type":"article","og_title":"Exposition","og_description":"D\u00e9couvrez le parcours de l'exposition Amaz\u00f4nia \u00e0 Bruxelles, pr\u00e9sentant plus de 200 photos de Sebasti\u00e3o Salgado.","og_url":"https:\/\/expo-amazonia.com\/nl\/exposition-amazonia-le-parcours\/","og_site_name":"Amaz\u00f4nia","article_modified_time":"2025-11-13T13:55:49+00:00","og_image":[{"width":1080,"height":1080,"url":"https:\/\/expo-amazonia.com\/wp-content\/uploads\/2025\/02\/AMAZONIA_Instagram_1080x1080px_HD2.jpg","type":"image\/jpeg"}],"twitter_card":"summary_large_image","twitter_misc":{"Geschatte leestijd":"3 minuten"},"schema":{"@context":"https:\/\/schema.org","@graph":[{"@type":"WebPage","@id":"https:\/\/expo-amazonia.com\/exposition-amazonia-le-parcours\/","url":"https:\/\/expo-amazonia.com\/exposition-amazonia-le-parcours\/","name":"Exposition Amaz\u00f4nia \u00e0 Bruxelles - Le parcours","isPartOf":{"@id":"https:\/\/expo-amazonia.com\/#website"},"primaryImageOfPage":{"@id":"https:\/\/expo-amazonia.com\/exposition-amazonia-le-parcours\/#primaryimage"},"image":{"@id":"https:\/\/expo-amazonia.com\/exposition-amazonia-le-parcours\/#primaryimage"},"thumbnailUrl":"https:\/\/expo-amazonia.com\/wp-content\/uploads\/2025\/02\/AMAZONIA_Instagram_1080x1080px_HD2.jpg","datePublished":"2025-01-30T14:26:34+00:00","dateModified":"2025-11-13T13:55:49+00:00","description":"D\u00e9couvrez le parcours de l'exposition Amaz\u00f4nia \u00e0 Bruxelles, pr\u00e9sentant plus de 200 photos de Sebasti\u00e3o Salgado.","breadcrumb":{"@id":"https:\/\/expo-amazonia.com\/exposition-amazonia-le-parcours\/#breadcrumb"},"inLanguage":"nl-BE","potentialAction":[{"@type":"ReadAction","target":["https:\/\/expo-amazonia.com\/exposition-amazonia-le-parcours\/"]}]},{"@type":"ImageObject","inLanguage":"nl-BE","@id":"https:\/\/expo-amazonia.com\/exposition-amazonia-le-parcours\/#primaryimage","url":"https:\/\/expo-amazonia.com\/wp-content\/uploads\/2025\/02\/AMAZONIA_Instagram_1080x1080px_HD2.jpg","contentUrl":"https:\/\/expo-amazonia.com\/wp-content\/uploads\/2025\/02\/AMAZONIA_Instagram_1080x1080px_HD2.jpg","width":1080,"height":1080},{"@type":"BreadcrumbList","@id":"https:\/\/expo-amazonia.com\/exposition-amazonia-le-parcours\/#breadcrumb","itemListElement":[{"@type":"ListItem","position":1,"name":"Accueil","item":"https:\/\/expo-amazonia.com\/"},{"@type":"ListItem","position":2,"name":"Exposition"}]},{"@type":"WebSite","@id":"https:\/\/expo-amazonia.com\/#website","url":"https:\/\/expo-amazonia.com\/","name":"Amaz\u00f4nia","description":"","potentialAction":[{"@type":"SearchAction","target":{"@type":"EntryPoint","urlTemplate":"https:\/\/expo-amazonia.com\/?s={search_term_string}"},"query-input":{"@type":"PropertyValueSpecification","valueRequired":true,"valueName":"search_term_string"}}],"inLanguage":"nl-BE"}]}},"_links":{"self":[{"href":"https:\/\/expo-amazonia.com\/nl\/wp-json\/wp\/v2\/pages\/181","targetHints":{"allow":["GET"]}}],"collection":[{"href":"https:\/\/expo-amazonia.com\/nl\/wp-json\/wp\/v2\/pages"}],"about":[{"href":"https:\/\/expo-amazonia.com\/nl\/wp-json\/wp\/v2\/types\/page"}],"author":[{"embeddable":true,"href":"https:\/\/expo-amazonia.com\/nl\/wp-json\/wp\/v2\/users\/3"}],"replies":[{"embeddable":true,"href":"https:\/\/expo-amazonia.com\/nl\/wp-json\/wp\/v2\/comments?post=181"}],"version-history":[{"count":188,"href":"https:\/\/expo-amazonia.com\/nl\/wp-json\/wp\/v2\/pages\/181\/revisions"}],"predecessor-version":[{"id":1541,"href":"https:\/\/expo-amazonia.com\/nl\/wp-json\/wp\/v2\/pages\/181\/revisions\/1541"}],"wp:featuredmedia":[{"embeddable":true,"href":"https:\/\/expo-amazonia.com\/nl\/wp-json\/wp\/v2\/media\/476"}],"wp:attachment":[{"href":"https:\/\/expo-amazonia.com\/nl\/wp-json\/wp\/v2\/media?parent=181"}],"curies":[{"name":"wp","href":"https:\/\/api.w.org\/{rel}","templated":true}]}}